{"id":432,"date":"2021-03-31T08:31:29","date_gmt":"2021-03-31T06:31:29","guid":{"rendered":"http:\/\/smzychlin.pl\/?page_id=432"},"modified":"2026-01-27T15:50:56","modified_gmt":"2026-01-27T14:50:56","slug":"oplaty","status":"publish","type":"page","link":"https:\/\/www.smzychlin.pl\/index.php\/oplaty\/","title":{"rendered":"Op\u0142aty"},"content":{"rendered":"\t\t<div data-elementor-type=\"wp-page\" data-elementor-id=\"432\" class=\"elementor elementor-432\">\n\t\t\t\t\t\t<section class=\"elementor-section elementor-top-section elementor-element elementor-element-639ad355 elementor-section-boxed elementor-section-height-default elementor-section-height-default\" data-id=\"639ad355\" data-element_type=\"section\" data-e-type=\"section\">\n\t\t\t\t\t\t<div class=\"elementor-container elementor-column-gap-default\">\n\t\t\t\t\t<div class=\"elementor-column elementor-col-100 elementor-top-column elementor-element elementor-element-4896f023\" data-id=\"4896f023\" data-element_type=\"column\" data-e-type=\"column\">\n\t\t\t<div class=\"elementor-widget-wrap elementor-element-populated\">\n\t\t\t\t\t\t<div class=\"elementor-element elementor-element-68f935f7 elementor-widget elementor-widget-text-editor\" data-id=\"68f935f7\" data-element_type=\"widget\" data-e-type=\"widget\" data-widget_type=\"text-editor.default\">\n\t\t\t\t<div class=\"elementor-widget-container\">\n\t\t\t\t\t\t\t\t\t<div>\n<p><a href=\"https:\/\/www.smzychlin.pl\/wp-content\/uploads\/2026\/01\/Uchwala-Nr-22-z-dn.-19.01.2026-r.pdf\">Uchwa\u0142a Nr 22 z dn. 19.01.2026 r\u00a0<\/a>w sprawie: zmiany wysoko\u015bci zaliczek na rzecz pokrycia koszt\u00f3w dostawy ciep\u0142a na centralne ogrzewanie i podgrzanie wody<\/p>\n<p><a href=\"https:\/\/www.smzychlin.pl\/wp-content\/uploads\/2026\/01\/Uchwala-Nr-23-z-dn.-19.01.2026-r.pdf\">Uchwa\u0142a Nr 23 z dn. 19.01.2026 r<\/a> w sprawie: okre\u015blenia wysoko\u015bci stawek podatku od mieszkalnych, u\u017cytkowych zaj\u0119tych na prowadzenie dzia\u0142alno\u015bci gospodarczej, gara\u017cy nieruchomo\u015bci dla lokali\u00a0<\/p>\n<p><a href=\"https:\/\/www.smzychlin.pl\/wp-content\/uploads\/2025\/01\/Uchwala-Nr-60.pdf\">Uchwa\u0142a Nr 60 \/<\/a>2024 z dnia 17 grudnia 2024 roku w sprawie zmian wysoko\u015bci zaliczek na rzecz pokrycia koszt\u00f3w dostawy ciep\u0142a na centralne ogrzewanie i podgrzanie wody<\/p>\n<div><a href=\"https:\/\/www.smzychlin.pl\/wp-content\/uploads\/2025\/01\/Uchwala-Nr-58.pdf\">Uchwa\u0142a Nr 58 \/ <\/a>2024 z dnia 26 listopada 2024 roku w sprawie uchwalenia plan\u00f3w finansowych na 2025 r. i wysoko\u015bci stawki eksploatacyjnej<\/div>\n<div><a href=\"https:\/\/www.smzychlin.pl\/wp-content\/uploads\/2024\/01\/Uchwala-Nr-41.pdf\">Uchwa\u0142a Nr 41<\/a>\/2023 z dnia 28 listopada 2023r. w sprawie uchwalenia plan\u00f3w finansowych na 2024 r. i wysoko\u015bci stawki eksploatacyjnej.<\/div>\n<div><a href=\"https:\/\/www.smzychlin.pl\/wp-content\/uploads\/2024\/01\/Uchwala-Nr-46.pdf\">Uchwa\u0142a Nr 46<\/a>\/2023 z dnia 19 grudnia 2023r. w sprawie ustalenia stawki odpisu na fundusz remontowy<\/div>\n<div><a href=\"https:\/\/www.smzychlin.pl\/wp-content\/uploads\/2022\/03\/Uchwala-nr-85.pdf\">Uchwa\u0142a nr 85<\/a>\/2022 z dnia 24 lutego 2022r. w sprawie zatwierdzenia stawki op\u0142aty z tytu\u0142u podatku od nieruchomo\u015bci<\/div>\n<div><a href=\"https:\/\/www.smzychlin.pl\/wp-content\/uploads\/2022\/03\/Uchwala-nr-84-1.pdf\">Uchwa\u0142a nr 84<\/a>\/2022 z dnia 24 lutego 2022r. w sprawie ustalenia wysoko\u015bci stawki odpisu na fundusz remontowy<\/div>\n<div><a href=\"https:\/\/www.smzychlin.pl\/wp-content\/uploads\/2023\/01\/uchwala122022.pdf\">Uchwa\u0142a nr 13\/<\/a><a href=\"https:\/\/www.smzychlin.pl\/wp-content\/uploads\/2023\/01\/uchwala122022.pdf\">2022 z dnia 15 grudnia 2022 w sprawie zmiany wysoko\u015bci zaliczek na rzecz pokrycia koszt\u00f3w dostawy ciep\u0142a na centralne ogrzewanie i podgrzanie wody. \u00a0 <\/a><\/div>\n<div>\n<p><\/p>\n<div>\n<p><\/p>\n<p><span style=\"color: black; font-family: arial; font-size: medium;\">Rada Nadzorcza Sp\u00f3\u0142dzielni Mieszkaniowej w \u017bychlinie zmienia wysoko\u015b\u0107 stawek <\/span><span style=\"color: black; font-family: arial; font-size: medium;\"><span style=\"color: black; font-family: arial; font-size: medium;\">za lokale u\u017cytkowe,dzier\u017caw\u0119 gruntu i op\u0142at za umieszczanie reklam <\/span>zgodnie z podj\u0119t\u0105 Uchwa\u0142\u0105 Nr 21\/2026.<\/span><\/p>\n<p><span style=\"color: black; font-family: arial; font-size: medium;\"><b>Stawki za reklam\u0119, lokale u\u017cytkowe i dzier\u017caw\u0119 gruntu.<\/b><\/span><\/p>\n<table 1=\"\" border=\"\\\\\\\">\n<tbody>\n<tr>\n<th>Wyszczeg\u00f3lnienie<\/th>\n<th>Warto\u015b\u0107 stawki<\/th>\n<\/tr>\n<tr>\n<td>Reklamy o powierzchni do 0,5 m<sup>2<\/sup><\/td>\n<td>129,29 PLN + VAT<\/td>\n<\/tr>\n<tr>\n<td>Reklamy o powierzchni od 0,5-1 m<sup>2<\/sup><\/td>\n<td>196,53 PLN + VAT<\/td>\n<\/tr>\n<tr>\n<td>Reklamy o powierzchni od 1-3 m<sup>2<\/sup><\/td>\n<td>374,95 PLN + VAT<\/td>\n<\/tr>\n<tr>\n<td>Reklamy o powierzchni powy\u017cej 3 m<sup>2<\/sup><\/td>\n<td>153,61 PLN + VAT za 1 m<sup>2<\/sup><\/td>\n<\/tr>\n<tr>\n<td colspan=\"\\\" 2=\"\">Op\u0142aty za reklamy wolnostoj\u0105ce<br \/>ustalane s\u0105 w drodze negocjacji<br \/>z Zarz\u0105dem Sp\u00f3\u0142dzielni i nie mog\u0105 by\u0107<br \/>ni\u017csze , jak ustalone dla reklamy<br \/>powy\u017cej 1 m<sup>2<\/sup>.<\/td>\n<\/tr>\n<\/tbody>\n<\/table>\n<table 1=\"\" border=\"\\\">\n<tbody>\n<tr>\n<th>Wyszczeg\u00f3lnienie<\/th>\n<th>Warto\u015b\u0107 stawki<\/th>\n<\/tr>\n<tr>\n<td>Lokale u\u017cytkowe w piwnicach<\/td>\n<td>11,83 z\u0142\/m<sup>2<\/sup> + VAT\/m-c<\/td>\n<\/tr>\n<tr>\n<td>Dzier\u017cawa gruntu pod dzia\u0142alno\u015b\u0107<br \/>gospodarcz\u0105 (kioski).<\/td>\n<td>8,05 z\u0142\/m<sup>2<\/sup> + VAT\/m-c<\/td>\n<\/tr>\n<tr>\n<td>Dzier\u017cawa gruntu pod gara\u017ce blaszane.<\/td>\n<td>42,25 z\u0142 + VAT\/m-c za 1 gara\u017c<\/td>\n<\/tr>\n<tr>\n<td>Dzier\u017cawa gruntu pod gara\u017ce murowane.<br \/>&#8211; gara\u017ce murowane wyodr\u0119bnione <br \/>&#8211; gara\u017ce murowane niewyodr\u0119bnione<\/td>\n<td>40,94 z\u0142 + VAT\/ m-c za 1 gara\u017c<br \/>55,55 z\u0142 VAT\/ m-c za 1 gara\u017c<\/td>\n<\/tr>\n<tr>\n<td>Najem lokalu na sklep motoryzacyjny.<br \/>Dzier\u017cawa terenu pod sklep<\/td>\n<td>13,60 z\u0142\/m<sup>2<\/sup> + VAT\/ m-c <br \/>8,00 z\u0142\/m<sup>2<\/sup> + VAT\/ m-c<\/td>\n<\/tr>\n<tr>\n<td colspan=\"\\\" 2=\"\"><\/td>\n<\/tr>\n<\/tbody>\n<\/table>\n<p><b>Rada Nadzorcza Sp\u00f3\u0142dzielni Mieszkaniowej w \u017bychlinie<br \/>zmienia wysoko\u015b\u0107 stawek zgodnie z podj\u0119t\u0105<br \/>Uchwa\u0142\u0105 Nr 64\/2025.<\/b><\/p>\n<table 1=\"\" border=\"\\\">\n<tbody>\n<tr>\n<th>Wyszczeg\u00f3lnienie<\/th>\n<th>Warto\u015b\u0107 stawki<\/th>\n<\/tr>\n<tr>\n<td>dla lokali mieszkalnych posiadaj\u0105cych<br \/>tytu\u0142 odr\u0119bnej w\u0142asno\u015bci<\/td>\n<td>0,13 z\u0142\/m<sup>2<\/sup>\/miesi\u0105c<\/td>\n<\/tr>\n<tr>\n<td>dla lokali mieszkalnych sp\u00f3\u0142dzielczych<br \/>w\u0142asno\u015bciowych i lokatorskich<\/td>\n<td>0,24 z\u0142\/m<sup>2<\/sup>\/miesi\u0105c<\/td>\n<\/tr>\n<\/tbody>\n<\/table>\n<p><span style=\"color: purple; font-family: arial; font-size: medium;\"><b>Stawki za dzier\u017caw\u0119 kontener\u00f3w do sk\u0142adowania<br \/>nieczysto\u015bci. <\/b><\/span><\/p>\n<p>Rada Nadzorcza Sp\u00f3\u0142dzielni Mieszkaniowej w \u017bychlinie zmienia od dnia 30 maja 2022 r.<br \/>wysoko\u015b\u0107 w\/w stawki zgodnie z podj\u0119t\u0105 Uchwa\u0142\u0105 Nr 90\/2022 na <b>1,30 z\u0142\/osob\u0119<\/b>.<\/p>\n<p><b><span style=\"color: navy; font-family: arial; font-size: x-large;\">Jak u\u017cywa\u0107 g\u0142owic\u0119 termostatyczn\u0105?<\/span><\/b><\/p>\n<p>Konstrukcja g\u0142owica umo\u017cliwia sterowanie zaworem w spos\u00f3b ci\u0105g\u0142y,<br \/>co pozwala na dok\u0142adn\u0105 regulacj\u0119 przep\u0142ywu czynnika grzewczego przez<br \/>grzejnik a w rezultacie na utrzymanie temperatury w pomieszczeniu<br \/>zgodnie z ustawion\u0105 warto\u015bci\u0105 zadan\u0105.<\/p>\n<table border=\"3\">\n<tbody>\n<tr>\n<td>Pozycja nastawy<br \/><center>na g\u0142owicy.<\/center><\/td>\n<td>Warto\u015b\u0107 utrzymywanej<br \/>temperatury w st.C.<\/td>\n<\/tr>\n<tr>\n<td><center>*<\/center><\/td>\n<td><center>8<\/center><\/td>\n<\/tr>\n<tr>\n<td><center>1<\/center><\/td>\n<td><center>12<\/center><\/td>\n<\/tr>\n<tr>\n<td><center>2<\/center><\/td>\n<td><center>16<\/center><\/td>\n<\/tr>\n<tr>\n<td><center>3<\/center><\/td>\n<td><center>20<\/center><\/td>\n<\/tr>\n<tr>\n<td><center>4<\/center><\/td>\n<td><center>24<\/center><\/td>\n<\/tr>\n<tr>\n<td><center>5<\/center><\/td>\n<td><center>28<\/center><\/td>\n<\/tr>\n<\/tbody>\n<\/table>\n<p><span style=\"color: navy; font-family: arial; font-size: medium;\"><b>Zobacz bardziej obrazowo!.<\/b><\/span><\/p>\n<p><img decoding=\"async\" src=\"http:\/\/smzychlin.home.pl\/stara\/images\/zawor.jpg\" \/><\/p>\n<p><\/p>\n<\/div>\n<p><\/p>\n<\/div>\n<\/div>\n<p><!-- \/wp:themeisle-blocks\/advanced-columns --><\/p>\n<p><\/p>\t\t\t\t\t\t\t\t<\/div>\n\t\t\t\t<\/div>\n\t\t\t\t\t<\/div>\n\t\t<\/div>\n\t\t\t\t\t<\/div>\n\t\t<\/section>\n\t\t\t\t<\/div>\n\t\t","protected":false},"excerpt":{"rendered":"<p>Uchwa\u0142a Nr 22 z dn. 19.01.2026 r\u00a0w sprawie: zmiany wysoko\u015bci zaliczek na rzecz pokrycia koszt\u00f3w dostawy ciep\u0142a na centralne ogrzewanie i podgrzanie wody Uchwa\u0142a Nr 23 z dn. 19.01.2026 r w sprawie: okre\u015blenia wysoko\u015bci stawek podatku od mieszkalnych, u\u017cytkowych zaj\u0119tych na prowadzenie dzia\u0142alno\u015bci gospodarczej, gara\u017cy nieruchomo\u015bci dla lokali\u00a0 Uchwa\u0142a Nr [&hellip;]<\/p>\n","protected":false},"author":1,"featured_media":0,"parent":0,"menu_order":0,"comment_status":"closed","ping_status":"closed","template":"","meta":{"_themeisle_gutenberg_block_has_review":false,"two_page_speed":[],"footnotes":""},"class_list":["post-432","page","type-page","status-publish","hentry"],"_links":{"self":[{"href":"https:\/\/www.smzychlin.pl\/index.php\/wp-json\/wp\/v2\/pages\/432","targetHints":{"allow":["GET"]}}],"collection":[{"href":"https:\/\/www.smzychlin.pl\/index.php\/wp-json\/wp\/v2\/pages"}],"about":[{"href":"https:\/\/www.smzychlin.pl\/index.php\/wp-json\/wp\/v2\/types\/page"}],"author":[{"embeddable":true,"href":"https:\/\/www.smzychlin.pl\/index.php\/wp-json\/wp\/v2\/users\/1"}],"replies":[{"embeddable":true,"href":"https:\/\/www.smzychlin.pl\/index.php\/wp-json\/wp\/v2\/comments?post=432"}],"version-history":[{"count":91,"href":"https:\/\/www.smzychlin.pl\/index.php\/wp-json\/wp\/v2\/pages\/432\/revisions"}],"predecessor-version":[{"id":3098,"href":"https:\/\/www.smzychlin.pl\/index.php\/wp-json\/wp\/v2\/pages\/432\/revisions\/3098"}],"wp:attachment":[{"href":"https:\/\/www.smzychlin.pl\/index.php\/wp-json\/wp\/v2\/media?parent=432"}],"curies":[{"name":"wp","href":"https:\/\/api.w.org\/{rel}","templated":true}]}}