{"id":342,"date":"2021-03-23T13:34:38","date_gmt":"2021-03-23T12:34:38","guid":{"rendered":"http:\/\/smzychlin.pl\/?page_id=342"},"modified":"2025-07-17T18:24:12","modified_gmt":"2025-07-17T16:24:12","slug":"historia","status":"publish","type":"page","link":"https:\/\/www.smzychlin.pl\/index.php\/historia\/","title":{"rendered":"Historia"},"content":{"rendered":"\t\t<div data-elementor-type=\"wp-page\" data-elementor-id=\"342\" class=\"elementor elementor-342\">\n\t\t\t\t<div class=\"elementor-element elementor-element-6542cbf4 e-flex e-con-boxed e-con e-parent\" data-id=\"6542cbf4\" data-element_type=\"container\" data-e-type=\"container\">\n\t\t\t\t\t<div class=\"e-con-inner\">\n\t\t\t\t<div class=\"elementor-element elementor-element-401ff638 elementor-widget elementor-widget-text-editor\" data-id=\"401ff638\" data-element_type=\"widget\" data-e-type=\"widget\" data-widget_type=\"text-editor.default\">\n\t\t\t\t<div class=\"elementor-widget-container\">\n\t\t\t\t\t\t\t\t\t\n<p><strong>Rys historyczny powstania Sp\u00f3\u0142dzielni Mieszkaniowej<br \/>w \u017bychlinie.<\/strong><\/p>\n\n\n\n<p>W dniu 10 listopada 1976 roku Robotnicza Sp\u00f3\u0142dzielnia Mieszkaniowa \u201ePIONIER\u201d<br \/>w Kutnie wystosowa\u0142a do Wojew\u00f3dzkiej Sp\u00f3\u0142dzielni Mieszkaniowej w P\u0142ocku pismo<br \/>o potrzebie wyodr\u0119bnienia z Kutnowskiej Sp\u00f3\u0142dzielni Mieszkaniowej \u2013 Sp\u00f3\u0142dzielni\u0119<br \/>Mieszkaniow\u0105 w \u017bychlinie\u00a0 Po pozytywnej akceptacji z\u0142o\u017conego wniosku,<br \/>Robotnicza Sp\u00f3\u0142dzielnia Mieszkaniowa \u201ePIONIER\u201d w Kutnie pismem z dnia 7 02 1977 r.<br \/>wyst\u0119puje do Wojew\u00f3dzkiej Sp\u00f3\u0142dzielni Mieszkaniowej w P\u0142ocku<br \/>o powo\u0142anie pe\u0142nomocnika do sprawy utworzenia Sp\u00f3\u0142dzielni Mieszkaniowej \u017bychlinie,<br \/>utworzenia jej struktur i przej\u0119cia zasob\u00f3w od dzia\u0142aj\u0105cej na terenie \u017bychlina<br \/>Sp\u00f3\u0142dzielni w Kutnie.<\/p>\n\n\n\n<p>W dniu 22 marca 1977 roku odby\u0142o si\u0119 zebranie za\u0142o\u017cycielskie Sp\u00f3\u0142dzielni<br \/>Mieszkaniowej w \u017bychlinie. Za\u0142o\u017cycielami by\u0142y nast\u0119puj\u0105ce osoby (kolejno\u015b\u0107 wg listy<br \/>obecno\u015bci na zebraniu za\u0142o\u017cycielskim): \u0141ucja Bulska, Henryk Dogadalski,<br \/>Jan Pychci\u0144ski, Jadwiga Fryc, J\u00f3zef Ga\u0142\u0105zka, Tadeusz Chmielecki, Regina Grams,<br \/>Jan Kaczmarek, Benon Brochocki, Jan Trzaskowski, Tadeusz Kr\u00f3likowski,<br \/>Maciej Paca\u0142owski, Marian J\u00f3\u017awiak, Zbigniew Sucha\u0144ski, Edmunt Studzi\u0144ski,<br \/>Henryk Urba\u0144ski, Zdzis\u0142aw Uljanowicz, Kazimierz Banachowicz, W\u0142adys\u0142aw Kostecki,<br \/>Jan J\u0119drzejewski, Mieczys\u0142aw Urbanek, Irena Sikora, Henryk Grzelak,<br \/>Halina Kaczmarek, Joanna Kozman, J\u00f3zef Stocki, Stanis\u0142aw Szyda, Zdzis\u0142aw Tomaszewski,<br \/>Zygmunt \u0141ukasiak, Bogus\u0142aw Kami\u0144ski, Zdzis\u0142aw Puzdrakiewicz, Roman Nowakowski, Henryk Lewaniak.<\/p>\n\n\n\n<p>Powo\u0142ano pierwsz\u0105 Rad\u0119 Nadzorcz\u0105 Sp\u00f3\u0142dzielni Mieszkaniowej w \u017bychlinie w sk\u0142adzie<br \/>(w kolejno\u015bci wg protoko\u0142u z zebrania za\u0142o\u017cycielskiego):<br \/>Roman Nowakowski, Kazimierz Banachowicz, \u0141ucja Bulska, Jan Trzaskowski,<br \/>Irena Sikora, Jadwiga Fryc, Henryk Lewaniak, Jan J\u0119drzejewski, Edmund Studzi\u0144ski,<br \/>Wac\u0142aw Bogda\u0144ski, Mieczys\u0142aw Urbanek.<\/p>\n\n\n\n<p>Powo\u0142ano pierwszy Zarz\u0105d Sp\u00f3\u0142dzielni Mieszkaniowej w \u017bychlinie w osobach:<br \/>Jan Kaczmarek, Henryk Urba\u0144ski, Zygmunt \u0141ukasiak.<\/p>\n\n\n\n<p>W dniu 6 04 1977 Centralny Zwi\u0105zek Sp\u00f3\u0142dzielni Mieszkaniowych w Warszawie<br \/>uznaje celowo\u015b\u0107 za\u0142o\u017cenia Sp\u00f3\u0142dzielni Mieszkaniowej w \u017bychlinie i wpisuje j\u0105<br \/>do rejestru pod numerem 1768. Nast\u0119pnie S\u0105d Rejonowy w P\u0142ocku wpisuje<br \/>Sp\u00f3\u0142dzielni\u0119 Mieszkaniow\u0105 w \u017bychlinie do rejestru sp\u00f3\u0142dzielni \u2013 dzia\u0142 A-RS XI 718.<br \/>W dniu 27 kwietnia 1977 roku G\u0142\u00f3wny Urz\u0105d Statystyczny w Warszawie nadaje<br \/>Sp\u00f3\u0142dzielni numer statystyczny (REGON).<\/p>\n\n\n\n<p>Nowo powo\u0142ane w\u0142adze Sp\u00f3\u0142dzielni Mieszkaniowej w \u017bychlinie przej\u0119\u0142y od<br \/>Robotniczej Sp\u00f3\u0142dzielni Mieszkaniowej \u201ePIONIER\u201d w Kutnie cz\u0119\u015b\u0107 zasob\u00f3w<br \/>mieszkaniowych wybudowanych w \u017bychlinie \u2013 dotyczy pi\u0119ciu budynk\u00f3w<br \/>mieszkalnych wielorodzinnych na Osiedlu Wyzwolenia. W ko\u0144cu lat 70-tych i latach<br \/>80-tych ubieg\u0142ego wieku powstaje Osiedle Traugutta i bloki przy ul. \u0141\u0105kowej.<br \/>Koniec lat 80-tych i pocz\u0105tek lat 90-tych przyni\u00f3s\u0142 efekty mieszkaniowe w postaci<br \/>o\u015bmiu budynk\u00f3w na Osiedlu Traugutta Zach\u00f3d. By\u0142y to ostatnie inwestycje<br \/>mieszkaniowe realizowane przez Sp\u00f3\u0142dzielni\u0119 Mieszkaniow\u0105 w \u017bychlinie.<br \/>Aktualnie Sp\u00f3\u0142dzielnia nie prowadzi inwestycji mieszkaniowych i g\u0142\u00f3wnie skupia si\u0119<br \/>nad zarz\u0105dzaniem i utrzymaniem zasob\u00f3w w nale\u017cytym stanie technicznym.<\/p>\n\n\n\n<p>Prezesami Sp\u00f3\u0142dzielni Mieszkaniowej w \u017bychlinie byli w kolejno\u015bci:<br \/>1. Jan Kaczmarek \u2013 za\u0142o\u017cyciel<br \/>2. Ryszard Modrak<br \/>3. Rafa\u0142 Sembrat <br \/>4. Piotr Jarosz<\/p>\n<p>Aktualnie Prezesem Zarz\u0105du Sp\u00f3\u0142dzielni Mieszkaniowej w \u017bychlinie jest<br \/>Pan Rafa\u0142 Zaj\u0105czkowski.<\/p>\n\n\n\n<p>Poszukiwania oszcz\u0119dno\u015bci i dalece zakrojona informacja Zarz\u0105du<br \/>o korzy\u015bciach nie tylko finansowych, jakie mo\u017ce przynie\u015b\u0107 termomodernizacja<br \/>budynk\u00f3w wg. nowej technologi pozwoli\u0142a zmodernizowa\u0107 nieruchomo\u015bci:<\/p>\n\t\t\t\t\t\t\t\t<\/div>\n\t\t\t\t<\/div>\n\t\t\t\t\t<\/div>\n\t\t\t\t<\/div>\n\t\t\t\t<\/div>\n\t\t","protected":false},"excerpt":{"rendered":"<p>Rys historyczny powstania Sp\u00f3\u0142dzielni Mieszkaniowejw \u017bychlinie. W dniu 10 listopada 1976 roku Robotnicza Sp\u00f3\u0142dzielnia Mieszkaniowa \u201ePIONIER\u201dw Kutnie wystosowa\u0142a do Wojew\u00f3dzkiej Sp\u00f3\u0142dzielni Mieszkaniowej w P\u0142ocku pismoo potrzebie wyodr\u0119bnienia z Kutnowskiej Sp\u00f3\u0142dzielni Mieszkaniowej \u2013 Sp\u00f3\u0142dzielni\u0119Mieszkaniow\u0105 w \u017bychlinie\u00a0 Po pozytywnej akceptacji z\u0142o\u017conego wniosku,Robotnicza Sp\u00f3\u0142dzielnia Mieszkaniowa \u201ePIONIER\u201d w Kutnie pismem z dnia 7 02 [&hellip;]<\/p>\n","protected":false},"author":1,"featured_media":0,"parent":0,"menu_order":0,"comment_status":"closed","ping_status":"closed","template":"","meta":{"_themeisle_gutenberg_block_has_review":false,"two_page_speed":[],"footnotes":""},"class_list":["post-342","page","type-page","status-publish","hentry"],"_links":{"self":[{"href":"https:\/\/www.smzychlin.pl\/index.php\/wp-json\/wp\/v2\/pages\/342","targetHints":{"allow":["GET"]}}],"collection":[{"href":"https:\/\/www.smzychlin.pl\/index.php\/wp-json\/wp\/v2\/pages"}],"about":[{"href":"https:\/\/www.smzychlin.pl\/index.php\/wp-json\/wp\/v2\/types\/page"}],"author":[{"embeddable":true,"href":"https:\/\/www.smzychlin.pl\/index.php\/wp-json\/wp\/v2\/users\/1"}],"replies":[{"embeddable":true,"href":"https:\/\/www.smzychlin.pl\/index.php\/wp-json\/wp\/v2\/comments?post=342"}],"version-history":[{"count":16,"href":"https:\/\/www.smzychlin.pl\/index.php\/wp-json\/wp\/v2\/pages\/342\/revisions"}],"predecessor-version":[{"id":2892,"href":"https:\/\/www.smzychlin.pl\/index.php\/wp-json\/wp\/v2\/pages\/342\/revisions\/2892"}],"wp:attachment":[{"href":"https:\/\/www.smzychlin.pl\/index.php\/wp-json\/wp\/v2\/media?parent=342"}],"curies":[{"name":"wp","href":"https:\/\/api.w.org\/{rel}","templated":true}]}}